{"id":50074,"date":"2022-02-18T16:26:46","date_gmt":"2022-02-18T15:26:46","guid":{"rendered":"https:\/\/floresdeloscaminosasantiago.eu\/wat-legenden-en-geschiedenis-om-afbeeldingen-van-st-jacob-te-interpreteren\/"},"modified":"2022-10-04T12:54:04","modified_gmt":"2022-10-04T10:54:04","slug":"wat-legenden-en-geschiedenis-om-afbeeldingen-van-st-jacob-te-interpreteren","status":"publish","type":"page","link":"https:\/\/floresdeloscaminosasantiago.eu\/nl\/wat-legenden-en-geschiedenis-om-afbeeldingen-van-st-jacob-te-interpreteren\/","title":{"rendered":"Wat legenden en geschiedenis om afbeeldingen van St. Jacob te interpreteren"},"content":{"rendered":"<p>Sint Jacobus de Meerdere (naamdag 25 juli) werd omstreeks 3 nC in Betsa\u00efda, Galilea, geboren als zoon van de visser Zebede\u00fcs en Salom\u00e9. Hij behoorde tot de inner circle van Jesus. Na in Israel en het Iberisch schiereiland ge\u00ebvangeliseerd te hebben, werd hij na terugkomst in Jerusalem in 44 nC op last van koning Herodes Agrippa onthoofd. Door zijn leerlingen Athanasius en Theodorus werd zijn lichaam geleid door een engel in een boot naar Spanje gebracht. Zij landden in het huidige Padr\u00f3n. In een kar getrokken door wilde stieren die als een wonder zo tam als ossen waren, werd het lichaam gebracht naar een graf dat later is teruggevonden op de plek waar nu de kathedraal van Santiago staat.<\/p>\n<p>Volgens de legende vond in 844 n.C. bij Clavijo (12 km ten zuiden van Logro\u00f1o) een veldslag plaats tussen een Christelijk leger onder aanvoering van Ramiro I van Asturias en een Moors leger onder aanvoering van Abderrahman I, de emir van Cordoba. Het Christelijke leger dreigde te verliezen toen een ruiter met vaandel op een wit paard verscheen die met een zwaard de hoofden van Moorse strijders afmaaide. Dit was z\u00f3 vreesaanjagend dat het Moorse leger op de vlucht sloeg en de overwinning aan de Christenen liet. De ruiter werd ge\u00efdentificeerd als Santiago. Deze verschijningsvorm kreeg de naam <strong>Santiago matamoros<\/strong>, St. Jacob de Morenslachter. Santiago matamoros is van ca. 1620 tot 1760 de patroonheilige van Spanje geweest. Hij werd als zodanig opgevolgd door <strong>Santiago apost\u00f3l<\/strong>. De term Santiago matamoros is tegenwoordig minder \u201cpolitiek correct\u201d en wordt geleidelijk opgevolgd door <strong>Santiago caballero<\/strong>, Sint Jacob, ruiter.<\/p>\n<p>De verschijningsvorm van Sint Jacob als pelgrim wordt <strong>Santiago peregrino<\/strong> of <strong>Santiago apost\u00f3l<\/strong> genoemd. De attributen die daarbij horen zijn schelpen (Grote mantel, Pecten maximus), bevestigd op muts of mantel, een wandelstok met een holle kalebas als waterfles en een reistas. Vrijwel altijd ook met Bijbel. Afbeeldingen van pelgrims kunnen er evenzo uitzien, maar dan zonder Bijbel.<\/p>\n<p>De Orden Militar de Santiago de la Espada, de Militaire Orde van Sint Jacob van het Zwaard, is een oude Spaanse militaire ridderorde die in 1170 werd gesticht met als symbool het <strong>Santiago-kruis<\/strong>, een combinatie van een kruis en een zwaard. Als gevolg hiervan wordt <strong>Santiago<\/strong> ook afgebeeld <strong>met een zwaard.<\/strong><\/p>\n<p>Afbeeldingen van Sint Rochus zijn gelijk aan die van Santiago peregrino met het verschil dat Sint Rochus wordt afgebeeld met een ontbloot been met een wond veroorzaakt door de pest \u00e8n een hond die hem dagelijks een stuk brood brengt.<\/p>\n<div id='gallery-1' class='gallery galleryid-50074 gallery-columns-3 gallery-size-large'><figure class='gallery-item'>\n\t\t\t<div class='gallery-icon portrait'>\n\t\t\t\t<img fetchpriority=\"high\" decoding=\"async\" width=\"600\" height=\"900\" src=\"https:\/\/floresdeloscaminosasantiago.eu\/wp-content\/uploads\/2022\/02\/12.jpg\" class=\"attachment-large size-large\" alt=\"\" srcset=\"https:\/\/floresdeloscaminosasantiago.eu\/wp-content\/uploads\/2022\/02\/12.jpg 600w, https:\/\/floresdeloscaminosasantiago.eu\/wp-content\/uploads\/2022\/02\/12-200x300.jpg 200w\" sizes=\"(max-width: 600px) 100vw, 600px\" \/>\n\t\t\t<\/div><\/figure><figure class='gallery-item'>\n\t\t\t<div class='gallery-icon landscape'>\n\t\t\t\t<img decoding=\"async\" width=\"800\" height=\"800\" src=\"https:\/\/floresdeloscaminosasantiago.eu\/wp-content\/uploads\/2022\/02\/01.jpg\" class=\"attachment-large size-large\" alt=\"\" srcset=\"https:\/\/floresdeloscaminosasantiago.eu\/wp-content\/uploads\/2022\/02\/01.jpg 900w, https:\/\/floresdeloscaminosasantiago.eu\/wp-content\/uploads\/2022\/02\/01-300x300.jpg 300w, https:\/\/floresdeloscaminosasantiago.eu\/wp-content\/uploads\/2022\/02\/01-150x150.jpg 150w, https:\/\/floresdeloscaminosasantiago.eu\/wp-content\/uploads\/2022\/02\/01-768x768.jpg 768w\" sizes=\"(max-width: 800px) 100vw, 800px\" \/>\n\t\t\t<\/div><\/figure><figure class='gallery-item'>\n\t\t\t<div class='gallery-icon landscape'>\n\t\t\t\t<img decoding=\"async\" width=\"800\" height=\"449\" src=\"https:\/\/floresdeloscaminosasantiago.eu\/wp-content\/uploads\/2022\/02\/02-1024x575.jpg\" class=\"attachment-large size-large\" alt=\"\" srcset=\"https:\/\/floresdeloscaminosasantiago.eu\/wp-content\/uploads\/2022\/02\/02-1024x575.jpg 1024w, https:\/\/floresdeloscaminosasantiago.eu\/wp-content\/uploads\/2022\/02\/02-300x169.jpg 300w, https:\/\/floresdeloscaminosasantiago.eu\/wp-content\/uploads\/2022\/02\/02-768x432.jpg 768w, https:\/\/floresdeloscaminosasantiago.eu\/wp-content\/uploads\/2022\/02\/02-1536x863.jpg 1536w, https:\/\/floresdeloscaminosasantiago.eu\/wp-content\/uploads\/2022\/02\/02.jpg 1600w\" sizes=\"(max-width: 800px) 100vw, 800px\" \/>\n\t\t\t<\/div><\/figure><figure class='gallery-item'>\n\t\t\t<div class='gallery-icon landscape'>\n\t\t\t\t<img loading=\"lazy\" decoding=\"async\" width=\"800\" height=\"450\" src=\"https:\/\/floresdeloscaminosasantiago.eu\/wp-content\/uploads\/2022\/02\/03-1024x576.jpg\" class=\"attachment-large size-large\" alt=\"\" srcset=\"https:\/\/floresdeloscaminosasantiago.eu\/wp-content\/uploads\/2022\/02\/03-1024x576.jpg 1024w, https:\/\/floresdeloscaminosasantiago.eu\/wp-content\/uploads\/2022\/02\/03-300x169.jpg 300w, https:\/\/floresdeloscaminosasantiago.eu\/wp-content\/uploads\/2022\/02\/03-768x432.jpg 768w, https:\/\/floresdeloscaminosasantiago.eu\/wp-content\/uploads\/2022\/02\/03-1536x864.jpg 1536w, https:\/\/floresdeloscaminosasantiago.eu\/wp-content\/uploads\/2022\/02\/03.jpg 1600w\" sizes=\"(max-width: 800px) 100vw, 800px\" \/>\n\t\t\t<\/div><\/figure><figure class='gallery-item'>\n\t\t\t<div class='gallery-icon landscape'>\n\t\t\t\t<img loading=\"lazy\" decoding=\"async\" width=\"800\" height=\"451\" src=\"https:\/\/floresdeloscaminosasantiago.eu\/wp-content\/uploads\/2022\/02\/04-1024x577.jpg\" class=\"attachment-large size-large\" alt=\"\" srcset=\"https:\/\/floresdeloscaminosasantiago.eu\/wp-content\/uploads\/2022\/02\/04-1024x577.jpg 1024w, https:\/\/floresdeloscaminosasantiago.eu\/wp-content\/uploads\/2022\/02\/04-300x169.jpg 300w, https:\/\/floresdeloscaminosasantiago.eu\/wp-content\/uploads\/2022\/02\/04-768x433.jpg 768w, https:\/\/floresdeloscaminosasantiago.eu\/wp-content\/uploads\/2022\/02\/04-1536x865.jpg 1536w, https:\/\/floresdeloscaminosasantiago.eu\/wp-content\/uploads\/2022\/02\/04.jpg 1598w\" sizes=\"(max-width: 800px) 100vw, 800px\" \/>\n\t\t\t<\/div><\/figure><figure class='gallery-item'>\n\t\t\t<div class='gallery-icon portrait'>\n\t\t\t\t<img loading=\"lazy\" decoding=\"async\" width=\"621\" height=\"900\" src=\"https:\/\/floresdeloscaminosasantiago.eu\/wp-content\/uploads\/2022\/02\/05.jpg\" class=\"attachment-large size-large\" alt=\"\" srcset=\"https:\/\/floresdeloscaminosasantiago.eu\/wp-content\/uploads\/2022\/02\/05.jpg 621w, https:\/\/floresdeloscaminosasantiago.eu\/wp-content\/uploads\/2022\/02\/05-207x300.jpg 207w\" sizes=\"(max-width: 621px) 100vw, 621px\" \/>\n\t\t\t<\/div><\/figure><figure class='gallery-item'>\n\t\t\t<div class='gallery-icon portrait'>\n\t\t\t\t<img loading=\"lazy\" decoding=\"async\" width=\"675\" height=\"900\" src=\"https:\/\/floresdeloscaminosasantiago.eu\/wp-content\/uploads\/2022\/02\/06.jpg\" class=\"attachment-large size-large\" alt=\"\" srcset=\"https:\/\/floresdeloscaminosasantiago.eu\/wp-content\/uploads\/2022\/02\/06.jpg 675w, https:\/\/floresdeloscaminosasantiago.eu\/wp-content\/uploads\/2022\/02\/06-225x300.jpg 225w\" sizes=\"(max-width: 675px) 100vw, 675px\" \/>\n\t\t\t<\/div><\/figure><figure class='gallery-item'>\n\t\t\t<div class='gallery-icon portrait'>\n\t\t\t\t<img loading=\"lazy\" decoding=\"async\" width=\"506\" height=\"900\" src=\"https:\/\/floresdeloscaminosasantiago.eu\/wp-content\/uploads\/2022\/02\/07.jpg\" class=\"attachment-large size-large\" alt=\"\" srcset=\"https:\/\/floresdeloscaminosasantiago.eu\/wp-content\/uploads\/2022\/02\/07.jpg 506w, https:\/\/floresdeloscaminosasantiago.eu\/wp-content\/uploads\/2022\/02\/07-169x300.jpg 169w\" sizes=\"(max-width: 506px) 100vw, 506px\" \/>\n\t\t\t<\/div><\/figure><figure class='gallery-item'>\n\t\t\t<div class='gallery-icon portrait'>\n\t\t\t\t<img loading=\"lazy\" decoding=\"async\" width=\"665\" height=\"900\" src=\"https:\/\/floresdeloscaminosasantiago.eu\/wp-content\/uploads\/2022\/02\/08.jpg\" class=\"attachment-large size-large\" alt=\"\" srcset=\"https:\/\/floresdeloscaminosasantiago.eu\/wp-content\/uploads\/2022\/02\/08.jpg 665w, https:\/\/floresdeloscaminosasantiago.eu\/wp-content\/uploads\/2022\/02\/08-222x300.jpg 222w\" sizes=\"(max-width: 665px) 100vw, 665px\" \/>\n\t\t\t<\/div><\/figure><figure class='gallery-item'>\n\t\t\t<div class='gallery-icon portrait'>\n\t\t\t\t<img loading=\"lazy\" decoding=\"async\" width=\"726\" height=\"900\" src=\"https:\/\/floresdeloscaminosasantiago.eu\/wp-content\/uploads\/2022\/02\/09.jpg\" class=\"attachment-large size-large\" alt=\"\" srcset=\"https:\/\/floresdeloscaminosasantiago.eu\/wp-content\/uploads\/2022\/02\/09.jpg 726w, https:\/\/floresdeloscaminosasantiago.eu\/wp-content\/uploads\/2022\/02\/09-242x300.jpg 242w\" sizes=\"(max-width: 726px) 100vw, 726px\" \/>\n\t\t\t<\/div><\/figure><figure class='gallery-item'>\n\t\t\t<div class='gallery-icon portrait'>\n\t\t\t\t<img loading=\"lazy\" decoding=\"async\" width=\"448\" height=\"900\" src=\"https:\/\/floresdeloscaminosasantiago.eu\/wp-content\/uploads\/2022\/02\/10.jpg\" class=\"attachment-large size-large\" alt=\"\" aria-describedby=\"gallery-1-50061\" srcset=\"https:\/\/floresdeloscaminosasantiago.eu\/wp-content\/uploads\/2022\/02\/10.jpg 448w, https:\/\/floresdeloscaminosasantiago.eu\/wp-content\/uploads\/2022\/02\/10-149x300.jpg 149w\" sizes=\"(max-width: 448px) 100vw, 448px\" \/>\n\t\t\t<\/div>\n\t\t\t\t<figcaption class='wp-caption-text gallery-caption' id='gallery-1-50061'>\n\t\t\t\tdig\n\t\t\t\t<\/figcaption><\/figure><figure class='gallery-item'>\n\t\t\t<div class='gallery-icon portrait'>\n\t\t\t\t<img loading=\"lazy\" decoding=\"async\" width=\"626\" height=\"900\" src=\"https:\/\/floresdeloscaminosasantiago.eu\/wp-content\/uploads\/2022\/02\/11.jpg\" class=\"attachment-large size-large\" alt=\"\" srcset=\"https:\/\/floresdeloscaminosasantiago.eu\/wp-content\/uploads\/2022\/02\/11.jpg 626w, https:\/\/floresdeloscaminosasantiago.eu\/wp-content\/uploads\/2022\/02\/11-209x300.jpg 209w\" sizes=\"(max-width: 626px) 100vw, 626px\" \/>\n\t\t\t<\/div><\/figure><figure class='gallery-item'>\n\t\t\t<div class='gallery-icon portrait'>\n\t\t\t\t<img loading=\"lazy\" decoding=\"async\" width=\"794\" height=\"900\" src=\"https:\/\/floresdeloscaminosasantiago.eu\/wp-content\/uploads\/2022\/02\/14.jpg\" class=\"attachment-large size-large\" alt=\"\" srcset=\"https:\/\/floresdeloscaminosasantiago.eu\/wp-content\/uploads\/2022\/02\/14.jpg 794w, https:\/\/floresdeloscaminosasantiago.eu\/wp-content\/uploads\/2022\/02\/14-265x300.jpg 265w, https:\/\/floresdeloscaminosasantiago.eu\/wp-content\/uploads\/2022\/02\/14-768x871.jpg 768w\" sizes=\"(max-width: 794px) 100vw, 794px\" \/>\n\t\t\t<\/div><\/figure><figure class='gallery-item'>\n\t\t\t<div class='gallery-icon portrait'>\n\t\t\t\t<img loading=\"lazy\" decoding=\"async\" width=\"765\" height=\"900\" src=\"https:\/\/floresdeloscaminosasantiago.eu\/wp-content\/uploads\/2022\/02\/13.jpg\" class=\"attachment-large size-large\" alt=\"\" srcset=\"https:\/\/floresdeloscaminosasantiago.eu\/wp-content\/uploads\/2022\/02\/13.jpg 765w, https:\/\/floresdeloscaminosasantiago.eu\/wp-content\/uploads\/2022\/02\/13-255x300.jpg 255w\" sizes=\"(max-width: 765px) 100vw, 765px\" \/>\n\t\t\t<\/div><\/figure>\n\t\t<\/div>\n\n","protected":false},"excerpt":{"rendered":"<p>Sint Jacobus de Meerdere (naamdag 25 juli) werd omstreeks 3 nC in Betsa\u00efda, Galilea, geboren als zoon van de visser Zebede\u00fcs en Salom\u00e9. Hij behoorde tot de inner circle van Jesus. Na in Israel en het Iberisch schiereiland ge\u00ebvangeliseerd te hebben, werd hij na terugkomst in Jerusalem in 44 nC op last van koning Herodes [&hellip;]<\/p>\n","protected":false},"author":1,"featured_media":0,"parent":0,"menu_order":0,"comment_status":"closed","ping_status":"closed","template":"","meta":{"footnotes":""},"class_list":["post-50074","page","type-page","status-publish","hentry"],"yoast_head":"<!-- This site is optimized with the Yoast SEO plugin v27.2 - https:\/\/yoast.com\/product\/yoast-seo-wordpress\/ -->\n<title>Wat legenden en geschiedenis om afbeeldingen van St. Jacob te interpreteren - Flores de los Caminos a Santiago<\/title>\n<meta name=\"robots\" content=\"index, follow, max-snippet:-1, max-image-preview:large, max-video-preview:-1\" \/>\n<link rel=\"canonical\" href=\"https:\/\/floresdeloscaminosasantiago.eu\/nl\/wat-legenden-en-geschiedenis-om-afbeeldingen-van-st-jacob-te-interpreteren\/\" \/>\n<meta property=\"og:locale\" content=\"nl_NL\" \/>\n<meta property=\"og:type\" content=\"article\" \/>\n<meta property=\"og:title\" content=\"Wat legenden en geschiedenis om afbeeldingen van St. Jacob te interpreteren - Flores de los Caminos a Santiago\" \/>\n<meta property=\"og:description\" content=\"Sint Jacobus de Meerdere (naamdag 25 juli) werd omstreeks 3 nC in Betsa\u00efda, Galilea, geboren als zoon van de visser Zebede\u00fcs en Salom\u00e9. Hij behoorde tot de inner circle van Jesus. Na in Israel en het Iberisch schiereiland ge\u00ebvangeliseerd te hebben, werd hij na terugkomst in Jerusalem in 44 nC op last van koning Herodes [&hellip;]\" \/>\n<meta property=\"og:url\" content=\"https:\/\/floresdeloscaminosasantiago.eu\/nl\/wat-legenden-en-geschiedenis-om-afbeeldingen-van-st-jacob-te-interpreteren\/\" \/>\n<meta property=\"og:site_name\" content=\"Flores de los Caminos a Santiago\" \/>\n<meta property=\"article:modified_time\" content=\"2022-10-04T10:54:04+00:00\" \/>\n<meta property=\"og:image\" content=\"https:\/\/floresdeloscaminosasantiago.eu\/wp-content\/uploads\/2022\/02\/12.jpg\" \/>\n<meta name=\"twitter:card\" content=\"summary_large_image\" \/>\n<meta name=\"twitter:label1\" content=\"Geschatte leestijd\" \/>\n\t<meta name=\"twitter:data1\" content=\"2 minuten\" \/>\n<script type=\"application\/ld+json\" class=\"yoast-schema-graph\">{\"@context\":\"https:\/\/schema.org\",\"@graph\":[{\"@type\":\"WebPage\",\"@id\":\"https:\/\/floresdeloscaminosasantiago.eu\/nl\/wat-legenden-en-geschiedenis-om-afbeeldingen-van-st-jacob-te-interpreteren\/\",\"url\":\"https:\/\/floresdeloscaminosasantiago.eu\/nl\/wat-legenden-en-geschiedenis-om-afbeeldingen-van-st-jacob-te-interpreteren\/\",\"name\":\"Wat legenden en geschiedenis om afbeeldingen van St. Jacob te interpreteren - Flores de los Caminos a Santiago\",\"isPartOf\":{\"@id\":\"https:\/\/floresdeloscaminosasantiago.eu\/nl\/#website\"},\"datePublished\":\"2022-02-18T15:26:46+00:00\",\"dateModified\":\"2022-10-04T10:54:04+00:00\",\"breadcrumb\":{\"@id\":\"https:\/\/floresdeloscaminosasantiago.eu\/nl\/wat-legenden-en-geschiedenis-om-afbeeldingen-van-st-jacob-te-interpreteren\/#breadcrumb\"},\"inLanguage\":\"nl-NL\",\"potentialAction\":[{\"@type\":\"ReadAction\",\"target\":[\"https:\/\/floresdeloscaminosasantiago.eu\/nl\/wat-legenden-en-geschiedenis-om-afbeeldingen-van-st-jacob-te-interpreteren\/\"]}]},{\"@type\":\"BreadcrumbList\",\"@id\":\"https:\/\/floresdeloscaminosasantiago.eu\/nl\/wat-legenden-en-geschiedenis-om-afbeeldingen-van-st-jacob-te-interpreteren\/#breadcrumb\",\"itemListElement\":[{\"@type\":\"ListItem\",\"position\":1,\"name\":\"Home\",\"item\":\"https:\/\/floresdeloscaminosasantiago.eu\/nl\/\"},{\"@type\":\"ListItem\",\"position\":2,\"name\":\"Wat legenden en geschiedenis om afbeeldingen van St. Jacob te interpreteren\"}]},{\"@type\":\"WebSite\",\"@id\":\"https:\/\/floresdeloscaminosasantiago.eu\/nl\/#website\",\"url\":\"https:\/\/floresdeloscaminosasantiago.eu\/nl\/\",\"name\":\"Flores de los Caminos a Santiago\",\"description\":\"Stimulate the interest in the flora of Spain and Portugal\",\"alternateName\":\"Stimulate the interest in the flora of Spain and Portugal\",\"potentialAction\":[{\"@type\":\"SearchAction\",\"target\":{\"@type\":\"EntryPoint\",\"urlTemplate\":\"https:\/\/floresdeloscaminosasantiago.eu\/nl\/?s={search_term_string}\"},\"query-input\":{\"@type\":\"PropertyValueSpecification\",\"valueRequired\":true,\"valueName\":\"search_term_string\"}}],\"inLanguage\":\"nl-NL\"}]}<\/script>\n<!-- \/ Yoast SEO plugin. -->","yoast_head_json":{"title":"Wat legenden en geschiedenis om afbeeldingen van St. Jacob te interpreteren - Flores de los Caminos a Santiago","robots":{"index":"index","follow":"follow","max-snippet":"max-snippet:-1","max-image-preview":"max-image-preview:large","max-video-preview":"max-video-preview:-1"},"canonical":"https:\/\/floresdeloscaminosasantiago.eu\/nl\/wat-legenden-en-geschiedenis-om-afbeeldingen-van-st-jacob-te-interpreteren\/","og_locale":"nl_NL","og_type":"article","og_title":"Wat legenden en geschiedenis om afbeeldingen van St. Jacob te interpreteren - Flores de los Caminos a Santiago","og_description":"Sint Jacobus de Meerdere (naamdag 25 juli) werd omstreeks 3 nC in Betsa\u00efda, Galilea, geboren als zoon van de visser Zebede\u00fcs en Salom\u00e9. Hij behoorde tot de inner circle van Jesus. Na in Israel en het Iberisch schiereiland ge\u00ebvangeliseerd te hebben, werd hij na terugkomst in Jerusalem in 44 nC op last van koning Herodes [&hellip;]","og_url":"https:\/\/floresdeloscaminosasantiago.eu\/nl\/wat-legenden-en-geschiedenis-om-afbeeldingen-van-st-jacob-te-interpreteren\/","og_site_name":"Flores de los Caminos a Santiago","article_modified_time":"2022-10-04T10:54:04+00:00","og_image":[{"url":"https:\/\/floresdeloscaminosasantiago.eu\/wp-content\/uploads\/2022\/02\/12.jpg","type":"","width":"","height":""}],"twitter_card":"summary_large_image","twitter_misc":{"Geschatte leestijd":"2 minuten"},"schema":{"@context":"https:\/\/schema.org","@graph":[{"@type":"WebPage","@id":"https:\/\/floresdeloscaminosasantiago.eu\/nl\/wat-legenden-en-geschiedenis-om-afbeeldingen-van-st-jacob-te-interpreteren\/","url":"https:\/\/floresdeloscaminosasantiago.eu\/nl\/wat-legenden-en-geschiedenis-om-afbeeldingen-van-st-jacob-te-interpreteren\/","name":"Wat legenden en geschiedenis om afbeeldingen van St. Jacob te interpreteren - Flores de los Caminos a Santiago","isPartOf":{"@id":"https:\/\/floresdeloscaminosasantiago.eu\/nl\/#website"},"datePublished":"2022-02-18T15:26:46+00:00","dateModified":"2022-10-04T10:54:04+00:00","breadcrumb":{"@id":"https:\/\/floresdeloscaminosasantiago.eu\/nl\/wat-legenden-en-geschiedenis-om-afbeeldingen-van-st-jacob-te-interpreteren\/#breadcrumb"},"inLanguage":"nl-NL","potentialAction":[{"@type":"ReadAction","target":["https:\/\/floresdeloscaminosasantiago.eu\/nl\/wat-legenden-en-geschiedenis-om-afbeeldingen-van-st-jacob-te-interpreteren\/"]}]},{"@type":"BreadcrumbList","@id":"https:\/\/floresdeloscaminosasantiago.eu\/nl\/wat-legenden-en-geschiedenis-om-afbeeldingen-van-st-jacob-te-interpreteren\/#breadcrumb","itemListElement":[{"@type":"ListItem","position":1,"name":"Home","item":"https:\/\/floresdeloscaminosasantiago.eu\/nl\/"},{"@type":"ListItem","position":2,"name":"Wat legenden en geschiedenis om afbeeldingen van St. Jacob te interpreteren"}]},{"@type":"WebSite","@id":"https:\/\/floresdeloscaminosasantiago.eu\/nl\/#website","url":"https:\/\/floresdeloscaminosasantiago.eu\/nl\/","name":"Flores de los Caminos a Santiago","description":"Stimulate the interest in the flora of Spain and Portugal","alternateName":"Stimulate the interest in the flora of Spain and Portugal","potentialAction":[{"@type":"SearchAction","target":{"@type":"EntryPoint","urlTemplate":"https:\/\/floresdeloscaminosasantiago.eu\/nl\/?s={search_term_string}"},"query-input":{"@type":"PropertyValueSpecification","valueRequired":true,"valueName":"search_term_string"}}],"inLanguage":"nl-NL"}]}},"_links":{"self":[{"href":"https:\/\/floresdeloscaminosasantiago.eu\/nl\/wp-json\/wp\/v2\/pages\/50074","targetHints":{"allow":["GET"]}}],"collection":[{"href":"https:\/\/floresdeloscaminosasantiago.eu\/nl\/wp-json\/wp\/v2\/pages"}],"about":[{"href":"https:\/\/floresdeloscaminosasantiago.eu\/nl\/wp-json\/wp\/v2\/types\/page"}],"author":[{"embeddable":true,"href":"https:\/\/floresdeloscaminosasantiago.eu\/nl\/wp-json\/wp\/v2\/users\/1"}],"replies":[{"embeddable":true,"href":"https:\/\/floresdeloscaminosasantiago.eu\/nl\/wp-json\/wp\/v2\/comments?post=50074"}],"version-history":[{"count":0,"href":"https:\/\/floresdeloscaminosasantiago.eu\/nl\/wp-json\/wp\/v2\/pages\/50074\/revisions"}],"wp:attachment":[{"href":"https:\/\/floresdeloscaminosasantiago.eu\/nl\/wp-json\/wp\/v2\/media?parent=50074"}],"curies":[{"name":"wp","href":"https:\/\/api.w.org\/{rel}","templated":true}]}}